{"id":7220,"date":"2026-03-02T16:38:00","date_gmt":"2026-03-02T15:38:00","guid":{"rendered":"https:\/\/demo.xeniaprogetti.it\/fondazioneconcettadalessandro\/?page_id=7220"},"modified":"2026-03-05T11:29:20","modified_gmt":"2026-03-05T10:29:20","slug":"servizio-civile-anno-2026-2027","status":"publish","type":"page","link":"https:\/\/demo.xeniaprogetti.it\/fondazioneconcettadalessandro\/servizio-civile-anno-2026-2027\/","title":{"rendered":"Servizio civile: Anno 2026\/2027"},"content":{"rendered":"<div class=\"fusion-fullwidth fullwidth-box fusion-builder-row-1 fusion-flex-container has-pattern-background has-mask-background nonhundred-percent-fullwidth non-hundred-percent-height-scrolling\" style=\"--awb-border-radius-top-left:0px;--awb-border-radius-top-right:0px;--awb-border-radius-bottom-right:0px;--awb-border-radius-bottom-left:0px;--awb-padding-top:30px;--awb-padding-bottom:28px;--awb-flex-wrap:wrap;\" ><div class=\"awb-background-mask\" style=\"background-image:  url(data:image\/svg+xml;utf8,%3Csvg%20width%3D%221920%22%20height%3D%22954%22%20fill%3D%22none%22%20xmlns%3D%22http%3A%2F%2Fwww.w3.org%2F2000%2Fsvg%22%3E%3Cpath%20fill-rule%3D%22evenodd%22%20clip-rule%3D%22evenodd%22%20d%3D%22M1920%200h-832.2S1252%20176.5%201252%20477s-164.2%20477-164.2%20477H1920V0z%22%20fill%3D%22rgba%280%2C76%2C76%2C0.19%29%22%2F%3E%3C%2Fsvg%3E);opacity: 1 ;transform: scale(1, 1);mix-blend-mode:normal;\"><\/div><div class=\"fusion-builder-row fusion-row fusion-flex-align-items-flex-start fusion-flex-content-wrap\" style=\"max-width:1365px;margin-left: calc(-5% \/ 2 );margin-right: calc(-5% \/ 2 );\"><div class=\"fusion-layout-column fusion_builder_column fusion-builder-column-0 fusion_builder_column_3_5 3_5 fusion-flex-column\" style=\"--awb-padding-right:20px;--awb-bg-size:cover;--awb-width-large:60%;--awb-margin-top-large:0px;--awb-spacing-right-large:3.9583333333333%;--awb-margin-bottom-large:0px;--awb-spacing-left-large:3.9583333333333%;--awb-width-medium:60%;--awb-order-medium:0;--awb-spacing-right-medium:3.9583333333333%;--awb-spacing-left-medium:3.9583333333333%;--awb-width-small:100%;--awb-order-small:0;--awb-spacing-right-small:2.375%;--awb-margin-bottom-small:60px;--awb-spacing-left-small:2.375%;\"><div class=\"fusion-column-wrapper fusion-column-has-shadow fusion-flex-justify-content-flex-start fusion-content-layout-column\"><div class=\"fusion-title title fusion-title-1 fusion-sep-none fusion-title-text fusion-title-size-two fusion-animated\" style=\"--awb-font-size:36px;--awb-animation-color:#ededed;\" data-animationType=\"revealInLeft\" data-animationDuration=\"1.5\" data-animationDelay=\"0.5\" data-animationOffset=\"top-into-view\"><h2 class=\"fusion-title-heading title-heading-left\" style=\"font-family:&quot;Montserrat&quot;;font-style:normal;font-weight:500;margin:0;font-size:1em;\">Servizio Civile: Anno 2026\/2027<\/h2><\/div><div class=\"fusion-title title fusion-title-2 fusion-sep-none fusion-title-text fusion-title-size-three\" style=\"--awb-text-color:var(--awb-color8);--awb-font-size:24px;\"><h3 class=\"fusion-title-heading title-heading-left\" style=\"font-family:&quot;Montserrat&quot;;font-style:normal;font-weight:500;margin:0;font-size:1em;\">Il Servizio Civile \u00e8 un\u2019esperienza formativa per i giovani, dedicata ad attivit\u00e0 di solidariet\u00e0 e impegno per la comunit\u00e0.<\/h3><\/div><div class=\"fusion-separator fusion-full-width-sep\" style=\"align-self: center;margin-left: auto;margin-right: auto;margin-top:25px;margin-bottom:10px;width:100%;\"><div class=\"fusion-separator-border sep-single sep-solid\" style=\"--awb-height:20px;--awb-amount:20px;--awb-sep-color:var(--awb-color7);border-color:var(--awb-color7);border-top-width:2px;\"><\/div><\/div><div class=\"fusion-text fusion-text-1 fusion-text-no-margin\" style=\"--awb-font-size:17px;--awb-line-height:1.4;--awb-letter-spacing:-0.015em;--awb-text-transform:var(--awb-typography4-text-transform);--awb-text-color:var(--awb-color8);--awb-margin-bottom:50px;--awb-text-font-family:&quot;Lora&quot;;--awb-text-font-style:normal;--awb-text-font-weight:400;\"><p><strong data-start=\"0\" data-end=\"27\" data-is-only-node=\"\">Avviso servizio civile:<\/strong> tutte le comunicazioni ufficiali saranno pubblicate sul sito <strong><em data-start=\"89\" data-end=\"104\">coresiaias.it<\/em><\/strong>.<br data-start=\"105\" data-end=\"108\" \/>Si invitano i candidati idonei non selezionati a consultarlo regolarmente, poich\u00e9, con lo scorrimento delle graduatorie, potranno essere assegnati ai posti ancora disponibili.<\/p>\n<\/div><div class=\"fusion-builder-row fusion-builder-row-inner fusion-row fusion-flex-align-items-flex-start fusion-flex-content-wrap\" style=\"width:105% !important;max-width:105% !important;margin-left: calc(-5% \/ 2 );margin-right: calc(-5% \/ 2 );\"><div class=\"fusion-layout-column fusion_builder_column_inner fusion-builder-nested-column-0 fusion_builder_column_inner_1_1 1_1 fusion-flex-column\" style=\"--awb-padding-top:15px;--awb-padding-right:30px;--awb-padding-bottom:15px;--awb-padding-left:30px;--awb-bg-color:rgba(237,237,237,0.5);--awb-bg-color-hover:rgba(247,174,2,0.1);--awb-bg-size:cover;--awb-border-color:var(--awb-color7);--awb-border-color-hover:var(--awb-color5);--awb-border-top:0px;--awb-border-right:0px;--awb-border-bottom:0px;--awb-border-left:4px;--awb-border-style:solid;--awb-width-large:100%;--awb-margin-top-large:0px;--awb-spacing-right-large:2.375%;--awb-margin-bottom-large:15px;--awb-spacing-left-large:2.375%;--awb-width-medium:100%;--awb-order-medium:0;--awb-spacing-right-medium:2.375%;--awb-spacing-left-medium:2.375%;--awb-width-small:100%;--awb-order-small:0;--awb-spacing-right-small:2.375%;--awb-spacing-left-small:2.375%;\" data-scroll-devices=\"small-visibility,medium-visibility,large-visibility\"><div class=\"fusion-column-wrapper fusion-column-has-shadow fusion-flex-justify-content-center fusion-content-layout-column\"><div class=\"fusion-title title fusion-title-3 fusion-sep-none fusion-title-text fusion-title-size-five\" style=\"--awb-text-color:var(--awb-color8);--awb-margin-top:5px;--awb-margin-bottom:5px;--awb-font-size:20px;\"><h5 class=\"fusion-title-heading title-heading-left\" style=\"font-family:&quot;Montserrat&quot;;font-style:normal;font-weight:500;margin:0;font-size:1em;letter-spacing:-0.015em;text-transform:capitalize;line-height:1.3;\"><i class=\"fb-icon-element-1 fb-icon-element fontawesome-icon fa-hands-helping fas circle-no fusion-text-flow\" style=\"--awb-iconcolor:var(--awb-color7);--awb-iconcolor-hover:var(--awb-color5);--awb-font-size:25px;--awb-margin-right:25px;\"><\/i><a href=\"https:\/\/demo.xeniaprogetti.it\/fondazioneconcettadalessandro\/wp-content\/uploads\/2026\/03\/AVVISO-sito.pdf\" target=\"_blank\" rel=\"noopener\">Avviso Servizio civile: Anno 2026<\/a><\/h5><\/div><\/div><\/div><\/div><div class=\"fusion-builder-row fusion-builder-row-inner fusion-row fusion-flex-align-items-flex-start fusion-flex-content-wrap\" style=\"width:105% !important;max-width:105% !important;margin-left: calc(-5% \/ 2 );margin-right: calc(-5% \/ 2 );\"><div class=\"fusion-layout-column fusion_builder_column_inner fusion-builder-nested-column-1 fusion_builder_column_inner_1_1 1_1 fusion-flex-column\" style=\"--awb-padding-top:15px;--awb-padding-right:30px;--awb-padding-bottom:15px;--awb-padding-left:30px;--awb-bg-color:rgba(237,237,237,0.5);--awb-bg-color-hover:rgba(247,174,2,0.1);--awb-bg-size:cover;--awb-border-color:var(--awb-color7);--awb-border-color-hover:var(--awb-color5);--awb-border-top:0px;--awb-border-right:0px;--awb-border-bottom:0px;--awb-border-left:4px;--awb-border-style:solid;--awb-width-large:100%;--awb-margin-top-large:0px;--awb-spacing-right-large:2.375%;--awb-margin-bottom-large:15px;--awb-spacing-left-large:2.375%;--awb-width-medium:100%;--awb-order-medium:0;--awb-spacing-right-medium:2.375%;--awb-spacing-left-medium:2.375%;--awb-width-small:100%;--awb-order-small:0;--awb-spacing-right-small:2.375%;--awb-spacing-left-small:2.375%;\" data-scroll-devices=\"small-visibility,medium-visibility,large-visibility\"><div class=\"fusion-column-wrapper fusion-column-has-shadow fusion-flex-justify-content-center fusion-content-layout-column\"><div class=\"fusion-title title fusion-title-4 fusion-sep-none fusion-title-text fusion-title-size-five\" style=\"--awb-text-color:var(--awb-color8);--awb-margin-top:5px;--awb-margin-bottom:5px;--awb-font-size:20px;\"><h5 class=\"fusion-title-heading title-heading-left\" style=\"font-family:&quot;Montserrat&quot;;font-style:normal;font-weight:500;margin:0;font-size:1em;letter-spacing:-0.015em;text-transform:capitalize;line-height:1.3;\"><i class=\"fb-icon-element-2 fb-icon-element fontawesome-icon fa-hands-helping fas circle-no fusion-text-flow\" style=\"--awb-iconcolor:var(--awb-color7);--awb-iconcolor-hover:var(--awb-color5);--awb-font-size:25px;--awb-margin-right:25px;\"><\/i><a href=\"https:\/\/demo.xeniaprogetti.it\/fondazioneconcettadalessandro\/wp-content\/uploads\/2026\/03\/Servizio.Civile-1.pdf\" target=\"_blank\" rel=\"noopener\">Servizio civile: Anno 2026<\/a><\/h5><\/div><\/div><\/div><\/div><div class=\"fusion-builder-row fusion-builder-row-inner fusion-row fusion-flex-align-items-flex-start fusion-flex-content-wrap\" style=\"width:105% !important;max-width:105% !important;margin-left: calc(-5% \/ 2 );margin-right: calc(-5% \/ 2 );\"><div class=\"fusion-layout-column fusion_builder_column_inner fusion-builder-nested-column-2 fusion_builder_column_inner_1_1 1_1 fusion-flex-column\" style=\"--awb-padding-top:15px;--awb-padding-right:30px;--awb-padding-bottom:15px;--awb-padding-left:30px;--awb-bg-color:rgba(237,237,237,0.5);--awb-bg-color-hover:rgba(247,174,2,0.1);--awb-bg-size:cover;--awb-border-color:var(--awb-color7);--awb-border-color-hover:var(--awb-color5);--awb-border-top:0px;--awb-border-right:0px;--awb-border-bottom:0px;--awb-border-left:4px;--awb-border-style:solid;--awb-width-large:100%;--awb-margin-top-large:0px;--awb-spacing-right-large:2.375%;--awb-margin-bottom-large:15px;--awb-spacing-left-large:2.375%;--awb-width-medium:100%;--awb-order-medium:0;--awb-spacing-right-medium:2.375%;--awb-spacing-left-medium:2.375%;--awb-width-small:100%;--awb-order-small:0;--awb-spacing-right-small:2.375%;--awb-spacing-left-small:2.375%;\" data-scroll-devices=\"small-visibility,medium-visibility,large-visibility\"><div class=\"fusion-column-wrapper fusion-column-has-shadow fusion-flex-justify-content-center fusion-content-layout-column\"><div class=\"fusion-title title fusion-title-5 fusion-sep-none fusion-title-text fusion-title-size-five\" style=\"--awb-text-color:var(--awb-color8);--awb-margin-top:5px;--awb-margin-bottom:5px;--awb-font-size:20px;\"><h5 class=\"fusion-title-heading title-heading-left\" style=\"font-family:&quot;Montserrat&quot;;font-style:normal;font-weight:500;margin:0;font-size:1em;letter-spacing:-0.015em;text-transform:capitalize;line-height:1.3;\"><i class=\"fb-icon-element-3 fb-icon-element fontawesome-icon fa-hands-helping fas circle-no fusion-text-flow\" style=\"--awb-iconcolor:var(--awb-color7);--awb-iconcolor-hover:var(--awb-color5);--awb-font-size:25px;--awb-margin-right:25px;\"><\/i><a href=\"https:\/\/demo.xeniaprogetti.it\/fondazioneconcettadalessandro\/wp-content\/uploads\/2026\/03\/bando-scu-2026-signed-1.pdf\" target=\"_blank\" rel=\"noopener\">Bando Servizio civile universale: Anno 2026<\/a><\/h5><\/div><\/div><\/div><\/div><div class=\"fusion-builder-row fusion-builder-row-inner fusion-row fusion-flex-align-items-flex-start fusion-flex-content-wrap\" style=\"width:105% !important;max-width:105% !important;margin-left: calc(-5% \/ 2 );margin-right: calc(-5% \/ 2 );\"><div class=\"fusion-layout-column fusion_builder_column_inner fusion-builder-nested-column-3 fusion_builder_column_inner_1_1 1_1 fusion-flex-column\" style=\"--awb-padding-top:15px;--awb-padding-right:30px;--awb-padding-bottom:15px;--awb-padding-left:30px;--awb-bg-color:rgba(237,237,237,0.5);--awb-bg-color-hover:rgba(247,174,2,0.1);--awb-bg-size:cover;--awb-border-color:var(--awb-color7);--awb-border-color-hover:var(--awb-color5);--awb-border-top:0px;--awb-border-right:0px;--awb-border-bottom:0px;--awb-border-left:4px;--awb-border-style:solid;--awb-width-large:100%;--awb-margin-top-large:0px;--awb-spacing-right-large:2.375%;--awb-margin-bottom-large:15px;--awb-spacing-left-large:2.375%;--awb-width-medium:100%;--awb-order-medium:0;--awb-spacing-right-medium:2.375%;--awb-spacing-left-medium:2.375%;--awb-width-small:100%;--awb-order-small:0;--awb-spacing-right-small:2.375%;--awb-spacing-left-small:2.375%;\" data-scroll-devices=\"small-visibility,medium-visibility,large-visibility\"><div class=\"fusion-column-wrapper fusion-column-has-shadow fusion-flex-justify-content-center fusion-content-layout-column\"><div class=\"fusion-title title fusion-title-6 fusion-sep-none fusion-title-text fusion-title-size-five\" style=\"--awb-text-color:var(--awb-color8);--awb-margin-top:5px;--awb-margin-bottom:5px;--awb-font-size:20px;\"><h5 class=\"fusion-title-heading title-heading-left\" style=\"font-family:&quot;Montserrat&quot;;font-style:normal;font-weight:500;margin:0;font-size:1em;letter-spacing:-0.015em;text-transform:capitalize;line-height:1.3;\"><i class=\"fb-icon-element-4 fb-icon-element fontawesome-icon fa-bell fas circle-no fusion-text-flow\" style=\"--awb-iconcolor:var(--awb-color7);--awb-iconcolor-hover:var(--awb-color5);--awb-font-size:25px;--awb-margin-right:25px;\"><\/i><a href=\"https:\/\/demo.xeniaprogetti.it\/fondazioneconcettadalessandro\/wp-content\/uploads\/2026\/03\/SERVZIO-CIVILE-2026.pdf\" target=\"_blank\" rel=\"noopener\">Bando Servizio Civilie: Anno 2026-27<\/a><\/h5><\/div><\/div><\/div><\/div><div class=\"fusion-builder-row fusion-builder-row-inner fusion-row fusion-flex-align-items-flex-start fusion-flex-content-wrap\" style=\"width:105% !important;max-width:105% !important;margin-left: calc(-5% \/ 2 );margin-right: calc(-5% \/ 2 );\"><div class=\"fusion-layout-column fusion_builder_column_inner fusion-builder-nested-column-4 fusion_builder_column_inner_1_1 1_1 fusion-flex-column\" style=\"--awb-padding-top:15px;--awb-padding-right:30px;--awb-padding-bottom:15px;--awb-padding-left:30px;--awb-bg-color:rgba(237,237,237,0.5);--awb-bg-color-hover:rgba(247,174,2,0.1);--awb-bg-size:cover;--awb-border-color:var(--awb-color7);--awb-border-color-hover:var(--awb-color5);--awb-border-top:0px;--awb-border-right:0px;--awb-border-bottom:0px;--awb-border-left:4px;--awb-border-style:solid;--awb-width-large:100%;--awb-margin-top-large:0px;--awb-spacing-right-large:2.375%;--awb-margin-bottom-large:15px;--awb-spacing-left-large:2.375%;--awb-width-medium:100%;--awb-order-medium:0;--awb-spacing-right-medium:2.375%;--awb-spacing-left-medium:2.375%;--awb-width-small:100%;--awb-order-small:0;--awb-spacing-right-small:2.375%;--awb-spacing-left-small:2.375%;\" data-scroll-devices=\"small-visibility,medium-visibility,large-visibility\"><div class=\"fusion-column-wrapper fusion-column-has-shadow fusion-flex-justify-content-center fusion-content-layout-column\"><div class=\"fusion-title title fusion-title-7 fusion-sep-none fusion-title-text fusion-title-size-five\" style=\"--awb-text-color:var(--awb-color8);--awb-margin-top:5px;--awb-margin-bottom:5px;--awb-font-size:20px;\"><h5 class=\"fusion-title-heading title-heading-left\" style=\"font-family:&quot;Montserrat&quot;;font-style:normal;font-weight:500;margin:0;font-size:1em;letter-spacing:-0.015em;text-transform:capitalize;line-height:1.3;\"><i class=\"fb-icon-element-5 fb-icon-element fontawesome-icon fa-bell fas circle-no fusion-text-flow\" style=\"--awb-iconcolor:var(--awb-color7);--awb-iconcolor-hover:var(--awb-color5);--awb-font-size:25px;--awb-margin-right:25px;\"><\/i><a href=\"https:\/\/demo.xeniaprogetti.it\/fondazioneconcettadalessandro\/wp-content\/uploads\/2026\/03\/allegato-a-scheda-elementi-essenziali-progetti-italia-PROGETTO-COLORIAMO-IL-FUTURO.pdf\" target=\"_blank\" rel=\"noopener\">Progetto: Coloriamo il futuro<\/a><\/h5><\/div><\/div><\/div><\/div><div class=\"fusion-builder-row fusion-builder-row-inner fusion-row fusion-flex-align-items-flex-start fusion-flex-content-wrap\" style=\"width:105% !important;max-width:105% !important;margin-left: calc(-5% \/ 2 );margin-right: calc(-5% \/ 2 );\"><div class=\"fusion-layout-column fusion_builder_column_inner fusion-builder-nested-column-5 fusion_builder_column_inner_1_1 1_1 fusion-flex-column\" style=\"--awb-padding-top:15px;--awb-padding-right:30px;--awb-padding-bottom:15px;--awb-padding-left:30px;--awb-bg-color:rgba(237,237,237,0.5);--awb-bg-color-hover:rgba(247,174,2,0.1);--awb-bg-size:cover;--awb-border-color:var(--awb-color7);--awb-border-color-hover:var(--awb-color5);--awb-border-top:0px;--awb-border-right:0px;--awb-border-bottom:0px;--awb-border-left:4px;--awb-border-style:solid;--awb-width-large:100%;--awb-margin-top-large:0px;--awb-spacing-right-large:2.375%;--awb-margin-bottom-large:15px;--awb-spacing-left-large:2.375%;--awb-width-medium:100%;--awb-order-medium:0;--awb-spacing-right-medium:2.375%;--awb-spacing-left-medium:2.375%;--awb-width-small:100%;--awb-order-small:0;--awb-spacing-right-small:2.375%;--awb-spacing-left-small:2.375%;\" data-scroll-devices=\"small-visibility,medium-visibility,large-visibility\"><div class=\"fusion-column-wrapper fusion-column-has-shadow fusion-flex-justify-content-center fusion-content-layout-column\"><div class=\"fusion-title title fusion-title-8 fusion-sep-none fusion-title-text fusion-title-size-five\" style=\"--awb-text-color:var(--awb-color8);--awb-margin-top:5px;--awb-margin-bottom:5px;--awb-font-size:20px;\"><h5 class=\"fusion-title-heading title-heading-left\" style=\"font-family:&quot;Montserrat&quot;;font-style:normal;font-weight:500;margin:0;font-size:1em;letter-spacing:-0.015em;text-transform:capitalize;line-height:1.3;\"><i class=\"fb-icon-element-6 fb-icon-element fontawesome-icon fa-bell fas circle-no fusion-text-flow\" style=\"--awb-iconcolor:var(--awb-color7);--awb-iconcolor-hover:var(--awb-color5);--awb-font-size:25px;--awb-margin-right:25px;\"><\/i><a href=\"https:\/\/demo.xeniaprogetti.it\/fondazioneconcettadalessandro\/wp-content\/uploads\/2026\/03\/allegato-a-scheda-elementi-essenziali-progetti-italia-PROGETTO-ASSISTENZA-PARTECIPATA.pdf\" target=\"_blank\" rel=\"noopener\">Progetto: Assistenza partecipata<\/a><\/h5><\/div><\/div><\/div><\/div><\/div><\/div><div class=\"fusion-layout-column fusion_builder_column fusion-builder-column-1 fusion_builder_column_2_5 2_5 fusion-flex-column fusion-flex-align-self-flex-start fusion-animated\" style=\"--awb-padding-top:106px;--awb-bg-position:center bottom;--awb-bg-size:;--awb-width-large:40%;--awb-margin-top-large:0px;--awb-spacing-right-large:5.9375%;--awb-margin-bottom-large:0px;--awb-spacing-left-large:5.9375%;--awb-width-medium:40%;--awb-order-medium:0;--awb-spacing-right-medium:5.9375%;--awb-spacing-left-medium:5.9375%;--awb-width-small:100%;--awb-order-small:0;--awb-spacing-right-small:2.375%;--awb-spacing-left-small:2.375%;\" data-animationType=\"fadeInUp\" data-animationDuration=\"1.5\" data-animationOffset=\"top-into-view\" data-scroll-devices=\"small-visibility,medium-visibility,large-visibility\"><div class=\"fusion-column-wrapper fusion-column-has-shadow fusion-flex-justify-content-center fusion-content-layout-row\"><div class=\"fusion-image-element \" style=\"text-align:right;--awb-aspect-ratio:1 \/ 1;--awb-margin-bottom:30px;--awb-max-width:250px;--awb-caption-title-font-family:var(--h2_typography-font-family);--awb-caption-title-font-weight:var(--h2_typography-font-weight);--awb-caption-title-font-style:var(--h2_typography-font-style);--awb-caption-title-size:var(--h2_typography-font-size);--awb-caption-title-transform:var(--h2_typography-text-transform);--awb-caption-title-line-height:var(--h2_typography-line-height);--awb-caption-title-letter-spacing:var(--h2_typography-letter-spacing);\"><div style=\"display:inline-block;width:250px;\"><span class=\" fusion-imageframe imageframe-none imageframe-1 hover-type-none has-aspect-ratio\"><img decoding=\"async\" width=\"972\" height=\"976\" title=\"logo_scelgo_servizio_civile\" src=\"https:\/\/demo.xeniaprogetti.it\/fondazioneconcettadalessandro\/wp-content\/uploads\/2026\/03\/logo_scelgo_servizio_civile.png\" data-orig-src=\"https:\/\/demo.xeniaprogetti.it\/fondazioneconcettadalessandro\/wp-content\/uploads\/2026\/03\/logo_scelgo_servizio_civile.png\" class=\"lazyload img-responsive wp-image-7227 img-with-aspect-ratio\" data-parent-fit=\"cover\" data-parent-container=\".fusion-image-element\" alt srcset=\"data:image\/svg+xml,%3Csvg%20xmlns%3D%27http%3A%2F%2Fwww.w3.org%2F2000%2Fsvg%27%20width%3D%27972%27%20height%3D%27976%27%20viewBox%3D%270%200%20972%20976%27%3E%3Crect%20width%3D%27972%27%20height%3D%27976%27%20fill-opacity%3D%220%22%2F%3E%3C%2Fsvg%3E\" data-srcset=\"https:\/\/demo.xeniaprogetti.it\/fondazioneconcettadalessandro\/wp-content\/uploads\/2026\/03\/logo_scelgo_servizio_civile-200x201.png 200w, https:\/\/demo.xeniaprogetti.it\/fondazioneconcettadalessandro\/wp-content\/uploads\/2026\/03\/logo_scelgo_servizio_civile-400x402.png 400w, https:\/\/demo.xeniaprogetti.it\/fondazioneconcettadalessandro\/wp-content\/uploads\/2026\/03\/logo_scelgo_servizio_civile-600x602.png 600w, https:\/\/demo.xeniaprogetti.it\/fondazioneconcettadalessandro\/wp-content\/uploads\/2026\/03\/logo_scelgo_servizio_civile-800x803.png 800w, https:\/\/demo.xeniaprogetti.it\/fondazioneconcettadalessandro\/wp-content\/uploads\/2026\/03\/logo_scelgo_servizio_civile.png 972w\" data-sizes=\"auto\" data-orig-sizes=\"(max-width: 767px) 100vw, 600px\" \/><\/span><\/div><\/div><\/div><\/div><\/div><\/div>\n","protected":false},"excerpt":{"rendered":"","protected":false},"author":2,"featured_media":0,"parent":0,"menu_order":0,"comment_status":"closed","ping_status":"closed","template":"","meta":{"footnotes":""},"class_list":["post-7220","page","type-page","status-publish","hentry"],"_links":{"self":[{"href":"https:\/\/demo.xeniaprogetti.it\/fondazioneconcettadalessandro\/wp-json\/wp\/v2\/pages\/7220","targetHints":{"allow":["GET"]}}],"collection":[{"href":"https:\/\/demo.xeniaprogetti.it\/fondazioneconcettadalessandro\/wp-json\/wp\/v2\/pages"}],"about":[{"href":"https:\/\/demo.xeniaprogetti.it\/fondazioneconcettadalessandro\/wp-json\/wp\/v2\/types\/page"}],"author":[{"embeddable":true,"href":"https:\/\/demo.xeniaprogetti.it\/fondazioneconcettadalessandro\/wp-json\/wp\/v2\/users\/2"}],"replies":[{"embeddable":true,"href":"https:\/\/demo.xeniaprogetti.it\/fondazioneconcettadalessandro\/wp-json\/wp\/v2\/comments?post=7220"}],"version-history":[{"count":29,"href":"https:\/\/demo.xeniaprogetti.it\/fondazioneconcettadalessandro\/wp-json\/wp\/v2\/pages\/7220\/revisions"}],"predecessor-version":[{"id":7390,"href":"https:\/\/demo.xeniaprogetti.it\/fondazioneconcettadalessandro\/wp-json\/wp\/v2\/pages\/7220\/revisions\/7390"}],"wp:attachment":[{"href":"https:\/\/demo.xeniaprogetti.it\/fondazioneconcettadalessandro\/wp-json\/wp\/v2\/media?parent=7220"}],"curies":[{"name":"wp","href":"https:\/\/api.w.org\/{rel}","templated":true}]}}