{"id":4674,"date":"2025-10-13T10:04:21","date_gmt":"2025-10-13T08:04:21","guid":{"rendered":"https:\/\/demo.xeniaprogetti.it\/fondazioneconcettadalessandro\/?page_id=4674"},"modified":"2026-03-04T16:22:58","modified_gmt":"2026-03-04T15:22:58","slug":"la-storia","status":"publish","type":"page","link":"https:\/\/demo.xeniaprogetti.it\/fondazioneconcettadalessandro\/la-storia\/","title":{"rendered":"La storia"},"content":{"rendered":"<p><div class=\"fusion-fullwidth fullwidth-box fusion-builder-row-1 fusion-flex-container has-pattern-background has-mask-background fusion-parallax-none nonhundred-percent-fullwidth non-hundred-percent-height-scrolling lazyload fusion-animated\" style=\"--awb-background-position:left center;--awb-border-sizes-top:0px;--awb-border-sizes-bottom:0px;--awb-border-sizes-left:0px;--awb-border-sizes-right:0px;--awb-border-radius-top-left:0px;--awb-border-radius-top-right:0px;--awb-border-radius-bottom-right:0px;--awb-border-radius-bottom-left:0px;--awb-padding-top:8vw;--awb-padding-right:30px;--awb-padding-bottom:8vw;--awb-padding-left:30px;--awb-padding-top-small:16vw;--awb-padding-bottom-small:10px;--awb-margin-top:0px;--awb-margin-bottom:0px;--awb-margin-bottom-medium:40px;--awb-margin-bottom-small:20px;--awb-background-image:linear-gradient(180deg, rgba(0,0,0,0.37) 0%,rgba(0,0,0,0.25) 100%);;--awb-background-size:cover;--awb-flex-wrap:wrap;\" data-bg=\"https:\/\/demo.xeniaprogetti.it\/fondazioneconcettadalessandro\/wp-content\/uploads\/2025\/08\/Sede.Fondazione.webp\" data-bg-gradient=\"linear-gradient(180deg, rgba(0,0,0,0.37) 0%,rgba(0,0,0,0.25) 100%)\" data-animationType=\"fadeIn\" data-animationDuration=\"0.8\" data-animationOffset=\"top-into-view\" ><div class=\"fusion-builder-row fusion-row fusion-flex-align-items-flex-start fusion-flex-content-wrap\" style=\"max-width:1352px;margin-left: calc(-4% \/ 2 );margin-right: calc(-4% \/ 2 );\"><div class=\"fusion-layout-column fusion_builder_column fusion-builder-column-0 fusion-flex-column fusion-animated\" style=\"--awb-padding-top:30px;--awb-padding-right:85px;--awb-padding-bottom:30px;--awb-padding-left:85px;--awb-padding-top-small:20px;--awb-padding-right-small:20px;--awb-padding-left-small:20px;--awb-bg-color:rgba(255,255,255,0.54);--awb-bg-color-hover:rgba(255,255,255,0.54);--awb-bg-size:cover;--awb-width-large:50%;--awb-margin-top-large:0px;--awb-spacing-right-large:3.84%;--awb-margin-bottom-large:-45px;--awb-spacing-left-large:3.84%;--awb-width-medium:66.666666666667%;--awb-order-medium:0;--awb-spacing-right-medium:2.88%;--awb-spacing-left-medium:2.88%;--awb-width-small:100%;--awb-order-small:0;--awb-spacing-right-small:1.92%;--awb-spacing-left-small:1.92%;\" data-animationType=\"bounceInUp\" data-animationDuration=\"1.3\" data-animationOffset=\"top-into-view\" data-scroll-devices=\"small-visibility,medium-visibility,large-visibility\"><div class=\"fusion-column-wrapper fusion-column-has-shadow fusion-flex-justify-content-flex-start fusion-content-layout-column\"><div class=\"fusion-title title fusion-title-1 fusion-sep-none fusion-title-text fusion-title-size-one\" style=\"--awb-text-color:var(--awb-color8);--awb-font-size:48px;\"><h1 class=\"fusion-title-heading title-heading-left\" style=\"font-family:&quot;Montserrat&quot;;font-style:normal;font-weight:500;margin:0;font-size:1em;\">La nostra storia<\/h1><\/div><div class=\"fusion-text fusion-text-1\" style=\"--awb-font-size:17px;--awb-line-height:1.5;--awb-letter-spacing:var(--awb-typography4-letter-spacing);--awb-text-transform:var(--awb-typography4-text-transform);--awb-text-color:var(--awb-color8);--awb-text-font-family:&quot;Lora&quot;;--awb-text-font-style:normal;--awb-text-font-weight:400;\"><p>La Fondazione \u201cConcetta D\u2019Alessandro\u201d ETS \u00e8 una fondazione ETS, quindi senza fini di lucro e con obiettivi di solidariet\u00e0 sociale, che svolge la propria attivit\u00e0 a favore delle persone con disabilit\u00e0 e gestisce un presidio sanitario di riabilitazione, erogando trattamenti riabilitativi in regime di seminternato, ambulatoriale e domiciliare.<\/p>\n<\/div><\/div><\/div><\/div><\/div><div class=\"fusion-fullwidth fullwidth-box fusion-builder-row-2 fusion-flex-container has-pattern-background has-mask-background nonhundred-percent-fullwidth non-hundred-percent-height-scrolling\" style=\"--awb-border-radius-top-left:0px;--awb-border-radius-top-right:0px;--awb-border-radius-bottom-right:0px;--awb-border-radius-bottom-left:0px;--awb-padding-top:60px;--awb-flex-wrap:wrap;\" ><div class=\"fusion-builder-row fusion-row fusion-flex-align-items-flex-start fusion-flex-content-wrap\" style=\"max-width:1365px;margin-left: calc(-5% \/ 2 );margin-right: calc(-5% \/ 2 );\"><div class=\"fusion-layout-column fusion_builder_column fusion-builder-column-1 fusion_builder_column_1_1 1_1 fusion-flex-column\" style=\"--awb-bg-size:cover;--awb-width-large:100%;--awb-margin-top-large:0px;--awb-spacing-right-large:2.375%;--awb-margin-bottom-large:20px;--awb-spacing-left-large:2.375%;--awb-width-medium:100%;--awb-order-medium:0;--awb-spacing-right-medium:2.375%;--awb-spacing-left-medium:2.375%;--awb-width-small:100%;--awb-order-small:0;--awb-spacing-right-small:2.375%;--awb-spacing-left-small:2.375%;\" data-scroll-devices=\"small-visibility,medium-visibility,large-visibility\"><div class=\"fusion-column-wrapper fusion-column-has-shadow fusion-flex-justify-content-flex-start fusion-content-layout-column\"><div class=\"fusion-text fusion-text-2\" style=\"--awb-font-size:17px;--awb-line-height:1.5;--awb-text-color:var(--awb-color8);--awb-text-font-family:&quot;Lora&quot;;--awb-text-font-style:normal;--awb-text-font-weight:400;\"><p data-start=\"119\" data-end=\"699\">La Fondazione \u201cConcetta D\u2019Alessandro\u201d ETS \u00e8 stata costituita nel 2012, ma le sue radici sono molto pi\u00f9 antiche.<br data-start=\"399\" data-end=\"402\" \/>In origine, infatti, esisteva la sezione AIAS di Caltagirone, dalla quale la Fondazione ha ereditato non solo il patrimonio materiale iniziale, ma anche un patrimonio immateriale fatto di valori quali onest\u00e0, prudenza nella gestione, rispetto degli scopi statutari e trasparenza: valori che, per oltre quarant\u2019anni, hanno tracciato la strada lungo la quale si \u00e8 svolta la vita dell\u2019associazione.<\/p>\n<p>L\u2019AIAS \u201cConcetta D\u2019Alessandro\u201d fu costituita a Caltagirone nel maggio del 1970 su iniziativa di alcuni genitori di giovani con disabilit\u00e0, primi fra tutti i coniugi Francesco e Concetta D\u2019Alessandro, che, per ricevere terapie riabilitative, erano costretti a recarsi in altre citt\u00e0 (spesso nell\u2019Italia del Nord), con immensi sacrifici e notevoli costi economici, poich\u00e9 nel territorio non esisteva alcuna struttura riabilitativa.<\/p>\n<p>Nel 1971, a seguito della stipula di una convenzione con il Ministero della Sanit\u00e0, l\u2019associazione riusc\u00ec ad avviare un centro di riabilitazione motoria e, a tal scopo, fu affittata una vecchia villa nobiliare immersa in un vasto parco naturale (oggi sede del centro di riabilitazione della Fondazione).<\/p>\n<p>I giovani con disabilit\u00e0 di Caltagirone e dei paesi limitrofi, da allora in poi, poterono contare nel proprio territorio su una struttura all\u2019avanguardia, dotata di attrezzature e personale specializzato. Sin dall\u2019inizio, infatti, i coniugi Francesco e Concetta D\u2019Alessandro \u2014 in particolare la signora Concetta, che si impegn\u00f2 nella gestione del centro \u2014 si posero l\u2019obiettivo di essere al passo con i progressi della riabilitazione a livello mondiale, applicando, talvolta in modo innovativo, le pi\u00f9 moderne tecniche riabilitative (neurofisiologiche, psicologiche e pedagogiche).<\/p>\n<\/div><\/div><\/div><div class=\"fusion-layout-column fusion_builder_column fusion-builder-column-2 fusion_builder_column_1_2 1_2 fusion-flex-column\" style=\"--awb-bg-size:cover;--awb-width-large:50%;--awb-margin-top-large:0px;--awb-spacing-right-large:4.75%;--awb-margin-bottom-large:20px;--awb-spacing-left-large:4.75%;--awb-width-medium:50%;--awb-order-medium:0;--awb-spacing-right-medium:4.75%;--awb-spacing-left-medium:4.75%;--awb-width-small:100%;--awb-order-small:0;--awb-spacing-right-small:2.375%;--awb-spacing-left-small:2.375%;\"><div class=\"fusion-column-wrapper fusion-column-has-shadow fusion-flex-justify-content-flex-start fusion-content-layout-column\"><div class=\"fusion-text fusion-text-3\" style=\"--awb-font-size:17px;--awb-text-color:var(--awb-color8);--awb-text-font-family:&quot;Lora&quot;;--awb-text-font-style:normal;--awb-text-font-weight:400;\"><p data-start=\"2022\" data-end=\"2641\">La \u201cvecchia villa nobiliare\u201d (con un\u2019estensione coperta di circa 1.000 m\u00b2), inizialmente presa in affitto, nel 1972 fu acquistata insieme a una piccola parte del parco di cui faceva parte e, nel corso degli anni, \u00e8 stata ristrutturata e resa priva di barriere architettoniche. Negli anni successivi fu acquisita anche la restante parte del parco e oggi il centro di riabilitazione \u00e8 immerso in una vasta area verde di circa 5 ettari, un vero \u201cpolmone\u201d per la citt\u00e0 (considerato che si trova nella zona di recente espansione di Caltagirone), che consente agli assistiti di svolgere numerose attivit\u00e0 all\u2019aria aperta.<\/p>\n<p>Nel 2012, l\u2019assemblea dei soci dell\u2019associazione ha ritenuto necessario tutelare il patrimonio costituito in tanti anni di buon lavoro e assicurarsi che, anche in futuro, esso potesse essere utilizzato esclusivamente per attivit\u00e0 a favore delle persone con disabilit\u00e0.<\/p>\n<p>Per raggiungere tale obiettivo, l\u2019associazione ha costituito la Fondazione \u201cConcetta D\u2019Alessandro\u201d ETS che, quest\u2019anno, per rendere ancora pi\u00f9 trasparente il proprio operato, pubblica il suo primo bilancio sociale.<\/p>\n<p>La Fondazione opera, fin dall\u2019avvio delle attivit\u00e0, per rappresentare un punto di riferimento per le persone con disabilit\u00e0 e per le loro famiglie nel territorio di Caltagirone.<\/p>\n<\/div><\/div><\/div><div class=\"fusion-layout-column fusion_builder_column fusion-builder-column-3 fusion_builder_column_1_2 1_2 fusion-flex-column\" style=\"--awb-bg-size:cover;--awb-width-large:50%;--awb-margin-top-large:0px;--awb-spacing-right-large:4.75%;--awb-margin-bottom-large:20px;--awb-spacing-left-large:4.75%;--awb-width-medium:50%;--awb-order-medium:0;--awb-spacing-right-medium:4.75%;--awb-spacing-left-medium:4.75%;--awb-width-small:100%;--awb-order-small:0;--awb-spacing-right-small:2.375%;--awb-spacing-left-small:2.375%;\"><div class=\"fusion-column-wrapper fusion-column-has-shadow fusion-flex-justify-content-flex-start fusion-content-layout-column\"><div class=\"fusion-image-element \" style=\"--awb-caption-title-font-family:var(--h2_typography-font-family);--awb-caption-title-font-weight:var(--h2_typography-font-weight);--awb-caption-title-font-style:var(--h2_typography-font-style);--awb-caption-title-size:var(--h2_typography-font-size);--awb-caption-title-transform:var(--h2_typography-text-transform);--awb-caption-title-line-height:var(--h2_typography-line-height);--awb-caption-title-letter-spacing:var(--h2_typography-letter-spacing);\"><span class=\" fusion-imageframe imageframe-none imageframe-1 hover-type-none\"><img decoding=\"async\" width=\"2250\" height=\"1877\" src=\"https:\/\/demo.xeniaprogetti.it\/fondazioneconcettadalessandro\/wp-content\/uploads\/2025\/10\/Villa_DAlbafiorita-scaled-e1760536175534.webp\" data-orig-src=\"https:\/\/demo.xeniaprogetti.it\/fondazioneconcettadalessandro\/wp-content\/uploads\/2025\/10\/Villa_DAlbafiorita-scaled-e1760536175534.webp\" alt class=\"lazyload img-responsive wp-image-4962\" srcset=\"data:image\/svg+xml,%3Csvg%20xmlns%3D%27http%3A%2F%2Fwww.w3.org%2F2000%2Fsvg%27%20width%3D%272250%27%20height%3D%271877%27%20viewBox%3D%270%200%202250%201877%27%3E%3Crect%20width%3D%272250%27%20height%3D%271877%27%20fill-opacity%3D%220%22%2F%3E%3C%2Fsvg%3E\" data-srcset=\"https:\/\/demo.xeniaprogetti.it\/fondazioneconcettadalessandro\/wp-content\/uploads\/2025\/10\/Villa_DAlbafiorita-scaled-e1760536175534-200x167.webp 200w, https:\/\/demo.xeniaprogetti.it\/fondazioneconcettadalessandro\/wp-content\/uploads\/2025\/10\/Villa_DAlbafiorita-scaled-e1760536175534-300x250.webp 300w, https:\/\/demo.xeniaprogetti.it\/fondazioneconcettadalessandro\/wp-content\/uploads\/2025\/10\/Villa_DAlbafiorita-scaled-e1760536175534-400x334.webp 400w, https:\/\/demo.xeniaprogetti.it\/fondazioneconcettadalessandro\/wp-content\/uploads\/2025\/10\/Villa_DAlbafiorita-scaled-e1760536175534-600x501.webp 600w, https:\/\/demo.xeniaprogetti.it\/fondazioneconcettadalessandro\/wp-content\/uploads\/2025\/10\/Villa_DAlbafiorita-scaled-e1760536175534-768x641.webp 768w, https:\/\/demo.xeniaprogetti.it\/fondazioneconcettadalessandro\/wp-content\/uploads\/2025\/10\/Villa_DAlbafiorita-scaled-e1760536175534-800x667.webp 800w, https:\/\/demo.xeniaprogetti.it\/fondazioneconcettadalessandro\/wp-content\/uploads\/2025\/10\/Villa_DAlbafiorita-scaled-e1760536175534-1024x854.webp 1024w, https:\/\/demo.xeniaprogetti.it\/fondazioneconcettadalessandro\/wp-content\/uploads\/2025\/10\/Villa_DAlbafiorita-scaled-e1760536175534-1200x1001.webp 1200w, https:\/\/demo.xeniaprogetti.it\/fondazioneconcettadalessandro\/wp-content\/uploads\/2025\/10\/Villa_DAlbafiorita-scaled-e1760536175534-1536x1281.webp 1536w, https:\/\/demo.xeniaprogetti.it\/fondazioneconcettadalessandro\/wp-content\/uploads\/2025\/10\/Villa_DAlbafiorita-scaled-e1760536175534.webp 2250w\" data-sizes=\"auto\" data-orig-sizes=\"(max-width: 767px) 100vw, 600px\" \/><\/span><\/div><\/div><\/div><\/div><\/div><\/p>\n","protected":false},"excerpt":{"rendered":"","protected":false},"author":2,"featured_media":0,"parent":0,"menu_order":0,"comment_status":"closed","ping_status":"closed","template":"","meta":{"footnotes":""},"class_list":["post-4674","page","type-page","status-publish","hentry"],"_links":{"self":[{"href":"https:\/\/demo.xeniaprogetti.it\/fondazioneconcettadalessandro\/wp-json\/wp\/v2\/pages\/4674","targetHints":{"allow":["GET"]}}],"collection":[{"href":"https:\/\/demo.xeniaprogetti.it\/fondazioneconcettadalessandro\/wp-json\/wp\/v2\/pages"}],"about":[{"href":"https:\/\/demo.xeniaprogetti.it\/fondazioneconcettadalessandro\/wp-json\/wp\/v2\/types\/page"}],"author":[{"embeddable":true,"href":"https:\/\/demo.xeniaprogetti.it\/fondazioneconcettadalessandro\/wp-json\/wp\/v2\/users\/2"}],"replies":[{"embeddable":true,"href":"https:\/\/demo.xeniaprogetti.it\/fondazioneconcettadalessandro\/wp-json\/wp\/v2\/comments?post=4674"}],"version-history":[{"count":35,"href":"https:\/\/demo.xeniaprogetti.it\/fondazioneconcettadalessandro\/wp-json\/wp\/v2\/pages\/4674\/revisions"}],"predecessor-version":[{"id":7368,"href":"https:\/\/demo.xeniaprogetti.it\/fondazioneconcettadalessandro\/wp-json\/wp\/v2\/pages\/4674\/revisions\/7368"}],"wp:attachment":[{"href":"https:\/\/demo.xeniaprogetti.it\/fondazioneconcettadalessandro\/wp-json\/wp\/v2\/media?parent=4674"}],"curies":[{"name":"wp","href":"https:\/\/api.w.org\/{rel}","templated":true}]}}